{"id":240,"date":"2023-06-24T09:15:24","date_gmt":"2023-06-24T12:15:24","guid":{"rendered":"https:\/\/atlasgeoculturalafricaatual.com\/?page_id=240"},"modified":"2023-09-30T06:17:13","modified_gmt":"2023-09-30T09:17:13","slug":"mostra-cultural-afrofuturista","status":"publish","type":"page","link":"https:\/\/atlasgeoculturalafricaatual.com\/index.php\/mostra-cultural-afrofuturista\/","title":{"rendered":"Mostra Cultural Afrofuturista"},"content":{"rendered":"\t\t<div data-elementor-type=\"wp-page\" data-elementor-id=\"240\" class=\"elementor elementor-240\">\n\t\t\t\t\t\t\t<div class=\"elementor-element elementor-element-f2cca5d e-flex e-con-boxed e-con\" data-id=\"f2cca5d\" data-element_type=\"container\" data-settings=\"{&quot;background_background&quot;:&quot;classic&quot;,&quot;content_width&quot;:&quot;boxed&quot;}\" data-e-bg-lazyload=\"\">\n\t\t\t\t\t<div class=\"e-con-inner\">\n\t\t\t\t<div class=\"elementor-element elementor-element-6fe84aa elementor-widget__width-inherit elementor-widget elementor-widget-heading\" data-id=\"6fe84aa\" data-element_type=\"widget\" data-widget_type=\"heading.default\">\n\t\t\t\t<div class=\"elementor-widget-container\">\n\t\t\t<style>\/*! elementor - v3.15.0 - 02-08-2023 *\/\n.elementor-heading-title{padding:0;margin:0;line-height:1}.elementor-widget-heading .elementor-heading-title[class*=elementor-size-]>a{color:inherit;font-size:inherit;line-height:inherit}.elementor-widget-heading .elementor-heading-title.elementor-size-small{font-size:15px}.elementor-widget-heading .elementor-heading-title.elementor-size-medium{font-size:19px}.elementor-widget-heading .elementor-heading-title.elementor-size-large{font-size:29px}.elementor-widget-heading .elementor-heading-title.elementor-size-xl{font-size:39px}.elementor-widget-heading .elementor-heading-title.elementor-size-xxl{font-size:59px}<\/style><h1 class=\"elementor-heading-title elementor-size-default\">Mostra Cultural Afrofuturista<\/h1>\t\t<\/div>\n\t\t\t\t<\/div>\n\t\t\t\t<div class=\"elementor-element elementor-element-45d3952 elementor-widget__width-initial elementor-widget elementor-widget-text-editor\" data-id=\"45d3952\" data-element_type=\"widget\" data-widget_type=\"text-editor.default\">\n\t\t\t\t<div class=\"elementor-widget-container\">\n\t\t\t<style>\/*! elementor - v3.15.0 - 02-08-2023 *\/\n.elementor-widget-text-editor.elementor-drop-cap-view-stacked .elementor-drop-cap{background-color:#69727d;color:#fff}.elementor-widget-text-editor.elementor-drop-cap-view-framed .elementor-drop-cap{color:#69727d;border:3px solid;background-color:transparent}.elementor-widget-text-editor:not(.elementor-drop-cap-view-default) .elementor-drop-cap{margin-top:8px}.elementor-widget-text-editor:not(.elementor-drop-cap-view-default) .elementor-drop-cap-letter{width:1em;height:1em}.elementor-widget-text-editor .elementor-drop-cap{float:left;text-align:center;line-height:1;font-size:50px}.elementor-widget-text-editor .elementor-drop-cap-letter{display:inline-block}<\/style>\t\t\t\t<p>A exposi\u00e7\u00e3o da Mostra Cultural Afrofuturista conta com obras art\u00edsticas oriundas de v\u00e1rios pa\u00edses em \u00c1frica, e, tamb\u00e9m se apercebe articulada com componentes da arte brasileira.\u00a0<\/p>\t\t\t\t\t\t<\/div>\n\t\t\t\t<\/div>\n\t\t\t\t\t<\/div>\n\t\t\t\t<\/div>\n\t\t<div class=\"elementor-element elementor-element-718b11b e-flex e-con-boxed e-con\" data-id=\"718b11b\" data-element_type=\"container\" data-settings=\"{&quot;content_width&quot;:&quot;boxed&quot;}\">\n\t\t\t\t\t<div class=\"e-con-inner\">\n\t\t<div class=\"elementor-element elementor-element-8792401 e-flex e-con-boxed e-con\" data-id=\"8792401\" data-element_type=\"container\" data-settings=\"{&quot;background_background&quot;:&quot;classic&quot;,&quot;content_width&quot;:&quot;boxed&quot;}\">\n\t\t\t\t\t<div class=\"e-con-inner\">\n\t\t<div class=\"elementor-element elementor-element-8e1aacd e-flex e-con-boxed e-con\" data-id=\"8e1aacd\" data-element_type=\"container\" data-settings=\"{&quot;content_width&quot;:&quot;boxed&quot;}\">\n\t\t\t\t\t<div class=\"e-con-inner\">\n\t\t<div class=\"elementor-element elementor-element-e62b75d e-flex e-con-boxed e-con\" data-id=\"e62b75d\" data-element_type=\"container\" data-settings=\"{&quot;content_width&quot;:&quot;boxed&quot;}\">\n\t\t\t\t\t<div class=\"e-con-inner\">\n\t\t<div class=\"elementor-element elementor-element-0972cec e-flex e-con-boxed e-con\" data-id=\"0972cec\" data-element_type=\"container\" data-settings=\"{&quot;content_width&quot;:&quot;boxed&quot;}\">\n\t\t\t\t\t<div class=\"e-con-inner\">\n\t\t\t\t<div class=\"elementor-element elementor-element-39efc7a elementor-widget__width-inherit elementor-widget elementor-widget-upk-news-ticker\" data-id=\"39efc7a\" data-element_type=\"widget\" data-widget_type=\"upk-news-ticker.default\">\n\t\t\t\t<div class=\"elementor-widget-container\">\n\t\t\t\t\t<div id=\"newsTicker1\" class=\"upk-news-ticker\" data-settings=\"{&quot;effect&quot;:&quot;slide-right&quot;,&quot;autoPlay&quot;:true,&quot;interval&quot;:6000,&quot;pauseOnHover&quot;:true,&quot;scrollSpeed&quot;:1}\">\n\t\t\t\t\t    \t<div class=\"upk-news-ticker-label\">\n\t\t\t\t\t<div class=\"upk-news-ticker-label-inner\">\n\t\t\t\t\t\tNot\u00edcias\t    \t\t\t<\/div>\n\t    \t\t<\/div>\n\t\t    \t\t    <div class=\"upk-news-ticker-content\">\n\t\t        <ul>\n\t\t\t\t<li class=\"upk-news-ticker-item\">\n\t\t\t\n\n\t\t\t\t\t\t\t\t\t\n\t\t<a href=\"https:\/\/atlasgeoculturalafricaatual.com\/index.php\/2023\/09\/22\/editora-eiros-lanca-livros-afrocentrados\/\">\n\t\t\t\n\t\t\t\n\t\t\tEditora Eiros lan\u00e7a livros Afrocentrados\t\t<\/a>\n\t\t\t\t\t\t\n\t\t\t\t\n\t\t\t\n\t\t<\/li>\n\t\t\t\t<li class=\"upk-news-ticker-item\">\n\t\t\t\n\n\t\t\t\t\t\t\t\t\t\n\t\t<a href=\"https:\/\/atlasgeoculturalafricaatual.com\/index.php\/2023\/09\/22\/solidariedade-ao-marrocos-libia-e-rio-grande-do-sul\/\">\n\t\t\t\n\t\t\t\n\t\t\tSolidariedade ao Marrocos, L\u00edbia e Rio Grande do Sul\t\t<\/a>\n\t\t\t\t\t\t\n\t\t\t\t\n\t\t\t\n\t\t<\/li>\n\t\t\t\t<li class=\"upk-news-ticker-item\">\n\t\t\t\n\n\t\t\t\t\t\t\t\t\t\n\t\t<a href=\"https:\/\/atlasgeoculturalafricaatual.com\/index.php\/2023\/09\/05\/guaratingueta-incrementa-a-africa-em-seu-conteudo-curricular\/\">\n\t\t\t\n\t\t\t\n\t\t\tGuaratinguet\u00e1 incrementa a \u00c1frica em seu conte\u00fado curricular\t\t<\/a>\n\t\t\t\t\t\t\n\t\t\t\t\n\t\t\t\n\t\t<\/li>\n\t\t\t\t<li class=\"upk-news-ticker-item\">\n\t\t\t\n\n\t\t\t\t\t\t\t\t\t\n\t\t<a href=\"https:\/\/atlasgeoculturalafricaatual.com\/index.php\/2023\/09\/01\/mostra-cultural-afrofuturista-retorna-a-campinas\/\">\n\t\t\t\n\t\t\t\n\t\t\tMostra Cultural Afrofuturista retorna \u00e0 Campinas\t\t<\/a>\n\t\t\t\t\t\t\n\t\t\t\t\n\t\t\t\n\t\t<\/li>\n\t\t\t\t<li class=\"upk-news-ticker-item\">\n\t\t\t\n\n\t\t\t\t\t\t\t\t\t\n\t\t<a href=\"https:\/\/atlasgeoculturalafricaatual.com\/index.php\/2023\/08\/30\/qual-a-importancia-da-viagem-do-presidente-lula-a-africa-em-2023\/\">\n\t\t\t\n\t\t\t\n\t\t\tQual a import\u00e2ncia da viagem do Presidente Lula \u00e0 \u00c1frica em 2023?\t\t<\/a>\n\t\t\t\t\t\t\n\t\t\t\t\n\t\t\t\n\t\t<\/li>\n\t\t\n\n\t\t        <\/ul>\n\t\t    <\/div>\n\t\t    \t\t    <div class=\"upk-news-ticker-controls upk-news-ticker-navigation\">\n\n\t\t        <button class=\"bdt-visible@m\">\n\t\t        \t<span class=\"upk-news-ticker-arrow upk-news-ticker-prev bdt-icon\">\n\t\t        \t\t<svg width=\"20\" height=\"20\" viewBox=\"0 0 20 20\" xmlns=\"http:\/\/www.w3.org\/2000\/svg\" data-svg=\"chevron-left\">\n\t\t        \t\t\t<polyline fill=\"none\" stroke=\"#000\" stroke-width=\"1.03\" points=\"13 16 7 10 13 4\"><\/polyline>\n\t\t        \t\t<\/svg>\n\t\t        \t<\/span>\n\t\t        <\/button>\n\n\t\t        \t\t        \n\t\t        <button>\n\t\t        \t<span class=\"upk-news-ticker-arrow upk-news-ticker-next bdt-icon\">\n\t\t        \t\t<svg width=\"20\" height=\"20\" viewBox=\"0 0 20 20\" xmlns=\"http:\/\/www.w3.org\/2000\/svg\" data-svg=\"chevron-right\">\n\t\t        \t\t\t<polyline fill=\"none\" stroke=\"#000\" stroke-width=\"1.03\" points=\"7 4 13 10 7 16\"><\/polyline>\n\t\t        \t\t<\/svg>\n\t\t        \t<\/span>\n\t\t        <\/button>\n\n\t\t    <\/div>\n\n\t\t\t\t\t<\/div>\n\t\t\n\t\t\t\t<\/div>\n\t\t\t\t<\/div>\n\t\t\t\t\t<\/div>\n\t\t\t\t<\/div>\n\t\t\t\t\t<\/div>\n\t\t\t\t<\/div>\n\t\t\t\t\t<\/div>\n\t\t\t\t<\/div>\n\t\t\t\t\t<\/div>\n\t\t\t\t<\/div>\n\t\t\t\t\t<\/div>\n\t\t\t\t<\/div>\n\t\t<div class=\"elementor-element elementor-element-76c9f03 e-flex e-con-boxed e-con\" data-id=\"76c9f03\" data-element_type=\"container\" data-settings=\"{&quot;content_width&quot;:&quot;boxed&quot;}\">\n\t\t\t\t\t<div class=\"e-con-inner\">\n\t\t\t\t<div class=\"elementor-element elementor-element-9a6debe elementor-widget__width-initial elementor-widget elementor-widget-heading\" data-id=\"9a6debe\" data-element_type=\"widget\" data-widget_type=\"heading.default\">\n\t\t\t\t<div class=\"elementor-widget-container\">\n\t\t\t<h3 class=\"elementor-heading-title elementor-size-default\">A\u00a0Mostra Cultural Afrofuturista possui uma din\u00e2mica de itiner\u00e2ncia, adequando-se aos contextos dos munic\u00edpios, em seus\u00a0 ambientes culturais e educacionais\u00a0<\/h3>\t\t<\/div>\n\t\t\t\t<\/div>\n\t\t\t\t\t<\/div>\n\t\t\t\t<\/div>\n\t\t<div class=\"elementor-element elementor-element-927f6f6 e-flex e-con-boxed e-con\" data-id=\"927f6f6\" data-element_type=\"container\" data-settings=\"{&quot;content_width&quot;:&quot;boxed&quot;}\">\n\t\t\t\t\t<div class=\"e-con-inner\">\n\t\t\t\t<div class=\"elementor-element elementor-element-6937603 elementor-widget__width-initial elementor-widget elementor-widget-video\" data-id=\"6937603\" data-element_type=\"widget\" data-settings=\"{&quot;youtube_url&quot;:&quot;https:\\\/\\\/youtu.be\\\/wzzDegU6mF4&quot;,&quot;video_type&quot;:&quot;youtube&quot;,&quot;controls&quot;:&quot;yes&quot;}\" data-widget_type=\"video.default\">\n\t\t\t\t<div class=\"elementor-widget-container\">\n\t\t\t<style>\/*! elementor - v3.15.0 - 02-08-2023 *\/\n.elementor-widget-video .elementor-widget-container{overflow:hidden;transform:translateZ(0)}.elementor-widget-video .elementor-wrapper{aspect-ratio:var(--video-aspect-ratio)}.elementor-widget-video .elementor-wrapper iframe,.elementor-widget-video .elementor-wrapper video{height:100%;width:100%;display:flex;border:none;background-color:#000}@supports not (aspect-ratio:1\/1){.elementor-widget-video .elementor-wrapper{position:relative;overflow:hidden;height:0;padding-bottom:calc(100% \/ var(--video-aspect-ratio))}.elementor-widget-video .elementor-wrapper iframe,.elementor-widget-video .elementor-wrapper video{position:absolute;top:0;right:0;bottom:0;left:0}}.elementor-widget-video .elementor-open-inline .elementor-custom-embed-image-overlay{position:absolute;top:0;right:0;bottom:0;left:0;background-size:cover;background-position:50%}.elementor-widget-video .elementor-custom-embed-image-overlay{cursor:pointer;text-align:center}.elementor-widget-video .elementor-custom-embed-image-overlay:hover .elementor-custom-embed-play i{opacity:1}.elementor-widget-video .elementor-custom-embed-image-overlay img{display:block;width:100%;aspect-ratio:var(--video-aspect-ratio);-o-object-fit:cover;object-fit:cover;-o-object-position:center center;object-position:center center}@supports not (aspect-ratio:1\/1){.elementor-widget-video .elementor-custom-embed-image-overlay{position:relative;overflow:hidden;height:0;padding-bottom:calc(100% \/ var(--video-aspect-ratio))}.elementor-widget-video .elementor-custom-embed-image-overlay img{position:absolute;top:0;right:0;bottom:0;left:0}}.elementor-widget-video .e-hosted-video .elementor-video{-o-object-fit:cover;object-fit:cover}.e-con-inner>.elementor-widget-video,.e-con>.elementor-widget-video{width:var(--container-widget-width);--flex-grow:var(--container-widget-flex-grow)}<\/style>\t\t<div class=\"elementor-wrapper elementor-open-inline\">\n\t\t\t<div class=\"elementor-video\"><\/div>\t\t<\/div>\n\t\t\t\t<\/div>\n\t\t\t\t<\/div>\n\t\t\t\t<div class=\"elementor-element elementor-element-59d6cb2 elementor-widget__width-initial elementor-widget elementor-widget-video\" data-id=\"59d6cb2\" data-element_type=\"widget\" data-settings=\"{&quot;youtube_url&quot;:&quot;https:\\\/\\\/youtu.be\\\/Yy1X25ytZjM&quot;,&quot;video_type&quot;:&quot;youtube&quot;,&quot;controls&quot;:&quot;yes&quot;}\" data-widget_type=\"video.default\">\n\t\t\t\t<div class=\"elementor-widget-container\">\n\t\t\t\t\t<div class=\"elementor-wrapper elementor-open-inline\">\n\t\t\t<div class=\"elementor-video\"><\/div>\t\t<\/div>\n\t\t\t\t<\/div>\n\t\t\t\t<\/div>\n\t\t\t\t\t<\/div>\n\t\t\t\t<\/div>\n\t\t<div class=\"elementor-element elementor-element-0a503d6 e-flex e-con-boxed e-con\" data-id=\"0a503d6\" data-element_type=\"container\" data-settings=\"{&quot;content_width&quot;:&quot;boxed&quot;}\">\n\t\t\t\t\t<div class=\"e-con-inner\">\n\t\t\t\t<div class=\"elementor-element elementor-element-9a23da3 elementor-widget__width-inherit elementor-widget elementor-widget-htmega-carousel-addons\" data-id=\"9a23da3\" data-element_type=\"widget\" data-widget_type=\"htmega-carousel-addons.default\">\n\t\t\t\t<div class=\"elementor-widget-container\">\n\t\t\t\n       <div class=\"ht-custom-carousel htmega-carousel-activation htmega-carousel-style-3 htmega-carousel-animation-style-\" dir=\"ltr\" data-settings=\"{&quot;arrows&quot;:true,&quot;arrow_prev_txt&quot;:&quot;&lt;i aria-hidden=\\&quot;true\\&quot; class=\\&quot;fa fa-angle-left\\&quot;&gt;&lt;\\\/i&gt;&quot;,&quot;arrow_next_txt&quot;:&quot;&lt;i aria-hidden=\\&quot;true\\&quot; class=\\&quot;fa fa-angle-right\\&quot;&gt;&lt;\\\/i&gt;&quot;,&quot;dots&quot;:false,&quot;autoplay&quot;:false,&quot;autoplay_speed&quot;:3000,&quot;animation_speed&quot;:300,&quot;pause_on_hover&quot;:true,&quot;center_mode&quot;:false,&quot;vertical_mode&quot;:false,&quot;center_padding&quot;:&quot;px&quot;,&quot;display_columns&quot;:3,&quot;scroll_columns&quot;:1,&quot;tablet_width&quot;:750,&quot;tablet_display_columns&quot;:1,&quot;tablet_scroll_columns&quot;:1,&quot;mobile_width&quot;:480,&quot;mobile_display_columns&quot;:1,&quot;mobile_scroll_columns&quot;:1}\" style=\"display:none\">\n\n                            <div class=\"single-custom-carousel htmega-data-title\" data-title=\"\">\n                    <img loading=\"lazy\" decoding=\"async\" width=\"234\" height=\"263\" src=\"https:\/\/atlasgeoculturalafricaatual.com\/wp-content\/uploads\/2023\/08\/image10-Copia.jpg\" class=\"attachment-large size-large wp-image-8171\" alt=\"\" \/>                <\/div>\n                            <div class=\"single-custom-carousel htmega-data-title\" data-title=\"Image Grid Title\">\n                    <img loading=\"lazy\" decoding=\"async\" width=\"1024\" height=\"768\" src=\"https:\/\/atlasgeoculturalafricaatual.com\/wp-content\/uploads\/2023\/08\/image3-Copia-1024x768.jpg\" class=\"attachment-large size-large wp-image-8157\" alt=\"\" srcset=\"https:\/\/atlasgeoculturalafricaatual.com\/wp-content\/uploads\/2023\/08\/image3-Copia-1024x768.jpg 1024w, https:\/\/atlasgeoculturalafricaatual.com\/wp-content\/uploads\/2023\/08\/image3-Copia-300x225.jpg 300w, https:\/\/atlasgeoculturalafricaatual.com\/wp-content\/uploads\/2023\/08\/image3-Copia-768x576.jpg 768w, https:\/\/atlasgeoculturalafricaatual.com\/wp-content\/uploads\/2023\/08\/image3-Copia-1536x1152.jpg 1536w, https:\/\/atlasgeoculturalafricaatual.com\/wp-content\/uploads\/2023\/08\/image3-Copia.jpg 1600w\" sizes=\"auto, (max-width: 1024px) 100vw, 1024px\" \/>                <\/div>\n                            <div class=\"single-custom-carousel htmega-data-title\" data-title=\"\">\n                    <img loading=\"lazy\" decoding=\"async\" width=\"768\" height=\"1024\" src=\"https:\/\/atlasgeoculturalafricaatual.com\/wp-content\/uploads\/2023\/08\/image31-768x1024.jpg\" class=\"attachment-large size-large wp-image-8200\" alt=\"\" srcset=\"https:\/\/atlasgeoculturalafricaatual.com\/wp-content\/uploads\/2023\/08\/image31-768x1024.jpg 768w, https:\/\/atlasgeoculturalafricaatual.com\/wp-content\/uploads\/2023\/08\/image31-225x300.jpg 225w, https:\/\/atlasgeoculturalafricaatual.com\/wp-content\/uploads\/2023\/08\/image31-1152x1536.jpg 1152w, https:\/\/atlasgeoculturalafricaatual.com\/wp-content\/uploads\/2023\/08\/image31-1536x2048.jpg 1536w, https:\/\/atlasgeoculturalafricaatual.com\/wp-content\/uploads\/2023\/08\/image31.jpg 1544w\" sizes=\"auto, (max-width: 768px) 100vw, 768px\" \/>                <\/div>\n                            <div class=\"single-custom-carousel htmega-data-title\" data-title=\"\">\n                    <img loading=\"lazy\" decoding=\"async\" width=\"1024\" height=\"768\" src=\"https:\/\/atlasgeoculturalafricaatual.com\/wp-content\/uploads\/2023\/08\/image4-1024x768.jpg\" class=\"attachment-large size-large wp-image-8160\" alt=\"\" srcset=\"https:\/\/atlasgeoculturalafricaatual.com\/wp-content\/uploads\/2023\/08\/image4-1024x768.jpg 1024w, https:\/\/atlasgeoculturalafricaatual.com\/wp-content\/uploads\/2023\/08\/image4-300x225.jpg 300w, https:\/\/atlasgeoculturalafricaatual.com\/wp-content\/uploads\/2023\/08\/image4-768x576.jpg 768w, https:\/\/atlasgeoculturalafricaatual.com\/wp-content\/uploads\/2023\/08\/image4-1536x1152.jpg 1536w, https:\/\/atlasgeoculturalafricaatual.com\/wp-content\/uploads\/2023\/08\/image4.jpg 2048w\" sizes=\"auto, (max-width: 1024px) 100vw, 1024px\" \/>                <\/div>\n                            <div class=\"single-custom-carousel htmega-data-title\" data-title=\"\">\n                    <img loading=\"lazy\" decoding=\"async\" width=\"768\" height=\"1024\" src=\"https:\/\/atlasgeoculturalafricaatual.com\/wp-content\/uploads\/2023\/08\/image5-Copia-768x1024.jpg\" class=\"attachment-large size-large wp-image-8161\" alt=\"\" srcset=\"https:\/\/atlasgeoculturalafricaatual.com\/wp-content\/uploads\/2023\/08\/image5-Copia-768x1024.jpg 768w, https:\/\/atlasgeoculturalafricaatual.com\/wp-content\/uploads\/2023\/08\/image5-Copia-225x300.jpg 225w, https:\/\/atlasgeoculturalafricaatual.com\/wp-content\/uploads\/2023\/08\/image5-Copia-1152x1536.jpg 1152w, https:\/\/atlasgeoculturalafricaatual.com\/wp-content\/uploads\/2023\/08\/image5-Copia-1535x2048.jpg 1535w, https:\/\/atlasgeoculturalafricaatual.com\/wp-content\/uploads\/2023\/08\/image5-Copia.jpg 1857w\" sizes=\"auto, (max-width: 768px) 100vw, 768px\" \/>                <\/div>\n                            <div class=\"single-custom-carousel htmega-data-title\" data-title=\"\">\n                    <img loading=\"lazy\" decoding=\"async\" width=\"1024\" height=\"682\" src=\"https:\/\/atlasgeoculturalafricaatual.com\/wp-content\/uploads\/2023\/08\/image1-1024x682.jpeg\" class=\"attachment-large size-large wp-image-8154\" alt=\"\" srcset=\"https:\/\/atlasgeoculturalafricaatual.com\/wp-content\/uploads\/2023\/08\/image1-1024x682.jpeg 1024w, https:\/\/atlasgeoculturalafricaatual.com\/wp-content\/uploads\/2023\/08\/image1-300x200.jpeg 300w, https:\/\/atlasgeoculturalafricaatual.com\/wp-content\/uploads\/2023\/08\/image1-768x511.jpeg 768w, https:\/\/atlasgeoculturalafricaatual.com\/wp-content\/uploads\/2023\/08\/image1-1536x1022.jpeg 1536w, https:\/\/atlasgeoculturalafricaatual.com\/wp-content\/uploads\/2023\/08\/image1.jpeg 2048w\" sizes=\"auto, (max-width: 1024px) 100vw, 1024px\" \/>                <\/div>\n                            <div class=\"single-custom-carousel htmega-data-title\" data-title=\"\">\n                    <img loading=\"lazy\" decoding=\"async\" width=\"341\" height=\"485\" src=\"https:\/\/atlasgeoculturalafricaatual.com\/wp-content\/uploads\/2023\/08\/image12.jpeg\" class=\"attachment-large size-large wp-image-8176\" alt=\"\" srcset=\"https:\/\/atlasgeoculturalafricaatual.com\/wp-content\/uploads\/2023\/08\/image12.jpeg 341w, https:\/\/atlasgeoculturalafricaatual.com\/wp-content\/uploads\/2023\/08\/image12-211x300.jpeg 211w\" sizes=\"auto, (max-width: 341px) 100vw, 341px\" \/>                <\/div>\n            \n        <\/div>\n\n        \t\t<\/div>\n\t\t\t\t<\/div>\n\t\t\t\t\t<\/div>\n\t\t\t\t<\/div>\n\t\t<div class=\"elementor-element elementor-element-f741ec1 e-flex e-con-boxed e-con\" data-id=\"f741ec1\" data-element_type=\"container\" data-settings=\"{&quot;content_width&quot;:&quot;boxed&quot;}\">\n\t\t\t\t\t<div class=\"e-con-inner\">\n\t\t\t\t<div class=\"elementor-element elementor-element-030c4f4 elementor-widget__width-initial elementor-widget elementor-widget-text-editor\" data-id=\"030c4f4\" data-element_type=\"widget\" data-widget_type=\"text-editor.default\">\n\t\t\t\t<div class=\"elementor-widget-container\">\n\t\t\t\t\t\t\t<p>A Mostra Cultural Afrofuturista exibe caracter\u00edsticas que divulgam os 54 pa\u00edses africanos, por meio das artes e culturas, sob o ponto de vista da \u00c1frica moderna e atual. O prop\u00f3sito \u00e9 apresentar elementos do continente, atrav\u00e9s de um acervo plural, marcado por uma est\u00e9tica caracterizada por modalidades de artes manuais, pinturas, moda, esculturas, fotografias, v\u00eddeos de apresenta\u00e7\u00f5es musicais e de dan\u00e7as. As instala\u00e7\u00f5es da mostra permitem conhecer ainda um continente culturalmente alargado pela diversidade, e pela beleza est\u00e9tica africana.<\/p><p>O conceito afrofuturista transcende ao contempor\u00e2neo. Com perspectivas que abordam a linguagem est\u00e9tica mesclada \u00e0s culturas tradicionais e ancestrais, combinando elementos sci-fi. Os princ\u00edpios do afrofuturismo interagem com a sofistica\u00e7\u00e3o da vida moderna, com sua fluidez e flexibilidade, em pontos inacabados de possibilidades. A id\u00e9ia se espalhou e ampliou suas influ\u00eancias em produ\u00e7\u00f5es liter\u00e1rias e musicais.<\/p><p>Notadamente chegou ao cinema de forma massificada com o filme Pantera Negra de 2018 do diretor Ryan Coogler, protagonizado pelo ator Chadwick Boseman morto precocemente aos 42 anos. O filme retrata Wakanda, representa\u00e7\u00e3o de uma cidade ut\u00f3pica, que tem se reverberado como uma alternativa exequ\u00edvel \u00e0s constru\u00e7\u00f5es de Abuja na Nig\u00e9ria, Nova Cairo no Egito, Akon City no Senegal, Konza Tecnopolis no Qu\u00eania, Lanseria Smart City na \u00c1frica do Sul, entre outras experi\u00eancias.<\/p><p><strong>Se houver interesse em articular a instala\u00e7\u00e3o da Mostra em seu munic\u00edpio, contate\u00a0<\/strong><a href=\"mailto:%20eiros@africaatual.com.br\" target=\"_blank\" rel=\"noopener\">eiros@africaatual.com.br<\/a><strong>.<\/strong><\/p>\t\t\t\t\t\t<\/div>\n\t\t\t\t<\/div>\n\t\t\t\t<div class=\"elementor-element elementor-element-fd20041 elementor-widget__width-initial elementor-widget elementor-widget-heading\" data-id=\"fd20041\" data-element_type=\"widget\" data-widget_type=\"heading.default\">\n\t\t\t\t<div class=\"elementor-widget-container\">\n\t\t\t<h3 class=\"elementor-heading-title elementor-size-default\">Fa\u00e7a a sua agenda, visite a pr\u00f3xima edi\u00e7\u00e3o: Campinas\/SP<\/h3>\t\t<\/div>\n\t\t\t\t<\/div>\n\t\t\t\t\t<\/div>\n\t\t\t\t<\/div>\n\t\t<div class=\"elementor-element elementor-element-de50a7d e-flex e-con-boxed e-con\" data-id=\"de50a7d\" data-element_type=\"container\" data-settings=\"{&quot;content_width&quot;:&quot;boxed&quot;}\">\n\t\t\t\t\t<div class=\"e-con-inner\">\n\t\t\t\t<div class=\"elementor-element elementor-element-46b93b3 elementor-widget elementor-widget-image\" data-id=\"46b93b3\" data-element_type=\"widget\" data-widget_type=\"image.default\">\n\t\t\t\t<div class=\"elementor-widget-container\">\n\t\t\t<style>\/*! elementor - v3.15.0 - 02-08-2023 *\/\n.elementor-widget-image{text-align:center}.elementor-widget-image a{display:inline-block}.elementor-widget-image a img[src$=\".svg\"]{width:48px}.elementor-widget-image img{vertical-align:middle;display:inline-block}<\/style>\t\t\t\t\t\t\t\t\t\t\t\t<img loading=\"lazy\" decoding=\"async\" width=\"576\" height=\"1024\" src=\"https:\/\/atlasgeoculturalafricaatual.com\/wp-content\/uploads\/2023\/09\/MOSTRA_CULTURAL_AFROFUTURISTA_1080_\u00d7_1920_px_STORY_STATUS-576x1024.png\" class=\"attachment-large size-large wp-image-8969\" alt=\"\" srcset=\"https:\/\/atlasgeoculturalafricaatual.com\/wp-content\/uploads\/2023\/09\/MOSTRA_CULTURAL_AFROFUTURISTA_1080_\u00d7_1920_px_STORY_STATUS-576x1024.png 576w, https:\/\/atlasgeoculturalafricaatual.com\/wp-content\/uploads\/2023\/09\/MOSTRA_CULTURAL_AFROFUTURISTA_1080_\u00d7_1920_px_STORY_STATUS-169x300.png 169w, https:\/\/atlasgeoculturalafricaatual.com\/wp-content\/uploads\/2023\/09\/MOSTRA_CULTURAL_AFROFUTURISTA_1080_\u00d7_1920_px_STORY_STATUS-768x1365.png 768w, https:\/\/atlasgeoculturalafricaatual.com\/wp-content\/uploads\/2023\/09\/MOSTRA_CULTURAL_AFROFUTURISTA_1080_\u00d7_1920_px_STORY_STATUS-864x1536.png 864w, https:\/\/atlasgeoculturalafricaatual.com\/wp-content\/uploads\/2023\/09\/MOSTRA_CULTURAL_AFROFUTURISTA_1080_\u00d7_1920_px_STORY_STATUS.png 1080w\" sizes=\"auto, (max-width: 576px) 100vw, 576px\" \/>\t\t\t\t\t\t\t\t\t\t\t\t\t\t\t<\/div>\n\t\t\t\t<\/div>\n\t\t\t\t\t<\/div>\n\t\t\t\t<\/div>\n\t\t<div class=\"elementor-element elementor-element-bdc3f28 e-flex e-con-boxed e-con\" data-id=\"bdc3f28\" data-element_type=\"container\" data-settings=\"{&quot;content_width&quot;:&quot;boxed&quot;}\">\n\t\t\t\t\t<div class=\"e-con-inner\">\n\t\t\t\t\t<\/div>\n\t\t\t\t<\/div>\n\t\t<div class=\"elementor-element elementor-element-16fd27f e-flex e-con-boxed e-con\" data-id=\"16fd27f\" data-element_type=\"container\" data-settings=\"{&quot;content_width&quot;:&quot;boxed&quot;}\">\n\t\t\t\t\t<div class=\"e-con-inner\">\n\t\t\t\t<div class=\"elementor-element elementor-element-ba6ff6e elementor-widget__width-initial elementor-widget elementor-widget-heading\" data-id=\"ba6ff6e\" data-element_type=\"widget\" data-widget_type=\"heading.default\">\n\t\t\t\t<div class=\"elementor-widget-container\">\n\t\t\t<h3 class=\"elementor-heading-title elementor-size-default\">Pe\u00e7as da exposi\u00e7\u00e3o<\/h3>\t\t<\/div>\n\t\t\t\t<\/div>\n\t\t\t\t<div class=\"elementor-element elementor-element-178649f elementor-widget__width-initial elementor-widget elementor-widget-text-editor\" data-id=\"178649f\" data-element_type=\"widget\" data-widget_type=\"text-editor.default\">\n\t\t\t\t<div class=\"elementor-widget-container\">\n\t\t\t\t\t\t\t<p>1. Pintura em papiro com tinta vegetal, Egito<\/p><p>(formato quadro)<\/p><p>2. Ovo de avestruz pintado \u00e0 m\u00e3o, modelo em decoupage, produzido por artistas da Nam\u00edbia.<\/p><p>\u00a0<\/p><p>3. Pintura Batik (quadro), t\u00e9cnica tradicional em tecido, utilizando tinta vegetal e parafina em seu processo de produ\u00e7\u00e3o, Mo\u00e7ambique<\/p><p>\u00a0<\/p><p>4. M\u00e1scara Akan, Gana. Produzida em madeira e lat\u00e3o. Formato de rosto em estilo am\u00eandoa. Denominada \u201cSanaa\u201d (prove, na l\u00edngua EWE), s\u00e3o ofertadas \u00e0s mulheres em prova de amor. Demonstra uma promessa de lealdade e de longa perman\u00eancia do casal.<\/p><p>\u00a0<\/p><p>5. M\u00e1scaras africanas em madeiira. Produ\u00e7\u00e3o Ashanti, Gana. Tamanho 50\u00d725 cm.<\/p><p>\u00a0<\/p><p>6. Quadro na arte da decoupage em folha de bananeira. \u00c1frica do Sul. Produzida por artistas Zulus.<\/p><p>\u00a0<\/p><p>7. Pe\u00e7a de decora\u00e7\u00e3o em pedra sab\u00e3o, com desenhos regionais.<\/p><p>Produzida no Qu\u00eania.<\/p><p>\u00a0<\/p><p>8. Arte manual feita em gamela de madeira, pintada internamente em tinta vegetal, artesanato produzido em Mo\u00e7ambique.<\/p><p>\u00a0<\/p><p>9. Escultura africana, tamanho 1,80 x (40x40cm \u2013 base). Produzida pelo povo Fulani. Predominantemente um povo n\u00f4made, presentes nos pa\u00edses:<\/p><p>\u00a0<\/p><p>Maurit\u00e2nia, Senegal, Guin\u00e9, G\u00e2mbia, Mali, Nig\u00e9ria, Serra Leoa, Benim, Burkina Faso, Guin\u00e9 Bissau, Burkina Faso, Camar\u00f5es, Togo, Rep\u00fablica Centro Africana,<\/p><p>\u00a0<\/p><p>Costa do Marfim, Lib\u00e9ria, Chade e Gab\u00e3o.<\/p><p>\u00a0<\/p><p>A escultura \u00e9 denominada \u201cM\u00e1scara Fulani Real\u201d, e oferecida ao vendedor anual de um torneio, que escolhe o l\u00edder que governar\u00e1 seus cl\u00e3s, ao vencedor tamb\u00e9m h\u00e1 o direito de escolher sua rainha.<\/p><p>\u00a0<\/p><p>10. Colares (um deles com a representa\u00e7\u00e3o da \u00c1rvore Baob\u00e1), pulseiras (bronze e madeira) e brincos) e um brinco em formato do continente africano, produzidos com tecidos Capulana. Artes manuais produzidas em v\u00e1rios pa\u00edses em \u00c1frica. Acess\u00f3rios que comp\u00f5e a est\u00e9tica no contexto da moda.<\/p><p>\u00a0<\/p><p>11. Moda. Roupas em modelagem infantil. Expostos com manequins em pl\u00e1stico. As conex\u00f5es com as cores, os desenhos geom\u00e9tricos e uma infinidade de designs nos tecidos fazem parte da moda africana. Dois manequins infantis, com roupas em capulana. Exemplos de moda africana.<\/p><p>\u00a0<\/p><p>12. Escultura moderna africana, mulher (24, 10\u00d76 cm), Angola.<\/p><p>\u00a0<\/p><p>13. Duas estatuetas \u201co pensador\u201d, em madeira, Angola. Conhecida na etnia C\u00f4kwe como \u201cSamanhonga\u201d, ganhou o estatuto<\/p><p>de s\u00edmbolo nacional em 1984.<\/p><p>\u00a0<\/p><p>14. Fotografias. Cinco quadros com fotografias de cidades\/capitais africanas (tamanho m\u00e9dio 1,40\u00d790 cm). Demonstram a leitura do crescimento arquitet\u00f4nico e urban\u00edstico de grandes cidades em \u00c1frica, algumas representando uma est\u00e9tica afrofuturista.<\/p><p>\u00a0<\/p><p>15. Um painel (4 quadros) do personagem \u201cPantera Negra\u201d (cartaz do filme, a conectar a mostra com o movimento Wakanda forever)<\/p><p>\u00a0<\/p><p>16. Um painel em tela impressa, mulheres africanas dan\u00e7ando.<\/p><p>\u00a0<\/p><p>17. Uma escultura de mulher africana, cer\u00e2mica, 30 cm, autor brasileiro.<\/p><p>\u00a0<\/p><p>18. Pain\u00e9is demonstrativos da criatividade em tecido africano 1.80 x 60, capulanas.<\/p><p>\u00a0<\/p><p>19. Um mapa da \u00c1frica, em tecido de algod\u00e3o, produzido com recortes de tecidos africanos, cada pa\u00eds um design diferente, 2,50\u00d72,50m<\/p><p>\u00a0<\/p><p>20. Uma arte decorativa, feita manualmente em madeira de \u00c9bano, que reproduz um Baob\u00e1.<\/p><p>\u00a0<\/p><p>21. Um quadro em decupagem, arte manual brasileira, representa\u00e7\u00e3o de um perfil eg\u00edpcio antigo.<\/p><p>\u00a0<\/p><p>22. Tela longa pintada em tecido, animais t\u00edpicos fauna africana, Gana.<\/p>\t\t\t\t\t\t<\/div>\n\t\t\t\t<\/div>\n\t\t\t\t<div class=\"elementor-element elementor-element-7bd5f4f elementor-widget__width-initial elementor-widget elementor-widget-heading\" data-id=\"7bd5f4f\" data-element_type=\"widget\" data-widget_type=\"heading.default\">\n\t\t\t\t<div class=\"elementor-widget-container\">\n\t\t\t<h3 class=\"elementor-heading-title elementor-size-default\">Fa\u00e7a a sua agenda, visite a pr\u00f3xima edi\u00e7\u00e3o: Campinas\/SP<\/h3>\t\t<\/div>\n\t\t\t\t<\/div>\n\t\t\t\t\t<\/div>\n\t\t\t\t<\/div>\n\t\t\t\t\t\t\t<\/div>\n\t\t","protected":false},"excerpt":{"rendered":"<p>Mostra Cultural Afrofuturista A exposi\u00e7\u00e3o da Mostra Cultural Afrofuturista conta com obras art\u00edsticas oriundas de v\u00e1rios pa\u00edses em \u00c1frica, e, tamb\u00e9m se apercebe articulada com componentes da arte brasileira.\u00a0 Not\u00edcias [&hellip;]<\/p>\n","protected":false},"author":2,"featured_media":0,"parent":0,"menu_order":0,"comment_status":"closed","ping_status":"closed","template":"","meta":{"content-type":"","footnotes":""},"palavra-chave":[],"class_list":["post-240","page","type-page","status-publish","hentry","entry","has-media"],"aioseo_notices":[],"yoast_head":"<!-- This site is optimized with the Yoast SEO plugin v20.13 - https:\/\/yoast.com\/wordpress\/plugins\/seo\/ -->\n<title>Mostra Cultural Afrofuturista - atlasgeoculturalafricaatual.com<\/title>\n<meta name=\"robots\" content=\"index, follow, max-snippet:-1, max-image-preview:large, max-video-preview:-1\" \/>\n<link rel=\"canonical\" href=\"https:\/\/atlasgeoculturalafricaatual.com\/index.php\/mostra-cultural-afrofuturista\/\" \/>\n<meta property=\"og:locale\" content=\"pt_BR\" \/>\n<meta property=\"og:type\" content=\"article\" \/>\n<meta property=\"og:title\" content=\"Mostra Cultural Afrofuturista - atlasgeoculturalafricaatual.com\" \/>\n<meta property=\"og:description\" content=\"Mostra Cultural Afrofuturista A exposi\u00e7\u00e3o da Mostra Cultural Afrofuturista conta com obras art\u00edsticas oriundas de v\u00e1rios pa\u00edses em \u00c1frica, e, tamb\u00e9m se apercebe articulada com componentes da arte brasileira.\u00a0 Not\u00edcias [&hellip;]\" \/>\n<meta property=\"og:url\" content=\"https:\/\/atlasgeoculturalafricaatual.com\/index.php\/mostra-cultural-afrofuturista\/\" \/>\n<meta property=\"og:site_name\" content=\"atlasgeoculturalafricaatual.com\" \/>\n<meta property=\"article:modified_time\" content=\"2023-09-30T09:17:13+00:00\" \/>\n<meta property=\"og:image\" content=\"http:\/\/atlasgeoculturalafricaatual.com\/wp-content\/uploads\/2023\/08\/image10-Copia.jpg\" \/>\n<meta name=\"twitter:card\" content=\"summary_large_image\" \/>\n<meta name=\"twitter:label1\" content=\"Est. tempo de leitura\" \/>\n\t<meta name=\"twitter:data1\" content=\"9 minutos\" \/>\n<script type=\"application\/ld+json\" class=\"yoast-schema-graph\">{\"@context\":\"https:\/\/schema.org\",\"@graph\":[{\"@type\":\"WebPage\",\"@id\":\"https:\/\/atlasgeoculturalafricaatual.com\/index.php\/mostra-cultural-afrofuturista\/\",\"url\":\"https:\/\/atlasgeoculturalafricaatual.com\/index.php\/mostra-cultural-afrofuturista\/\",\"name\":\"Mostra Cultural Afrofuturista - atlasgeoculturalafricaatual.com\",\"isPartOf\":{\"@id\":\"https:\/\/atlasgeoculturalafricaatual.com\/#website\"},\"datePublished\":\"2023-06-24T12:15:24+00:00\",\"dateModified\":\"2023-09-30T09:17:13+00:00\",\"breadcrumb\":{\"@id\":\"https:\/\/atlasgeoculturalafricaatual.com\/index.php\/mostra-cultural-afrofuturista\/#breadcrumb\"},\"inLanguage\":\"pt-BR\",\"potentialAction\":[{\"@type\":\"ReadAction\",\"target\":[\"https:\/\/atlasgeoculturalafricaatual.com\/index.php\/mostra-cultural-afrofuturista\/\"]}]},{\"@type\":\"BreadcrumbList\",\"@id\":\"https:\/\/atlasgeoculturalafricaatual.com\/index.php\/mostra-cultural-afrofuturista\/#breadcrumb\",\"itemListElement\":[{\"@type\":\"ListItem\",\"position\":1,\"name\":\"In\u00edcio\",\"item\":\"https:\/\/atlasgeoculturalafricaatual.com\/\"},{\"@type\":\"ListItem\",\"position\":2,\"name\":\"Mostra Cultural Afrofuturista\"}]},{\"@type\":\"WebSite\",\"@id\":\"https:\/\/atlasgeoculturalafricaatual.com\/#website\",\"url\":\"https:\/\/atlasgeoculturalafricaatual.com\/\",\"name\":\"atlasgeoculturalafricaatual.com\",\"description\":\"O Atlas Geocultural da \u00c1frica \u00e9 um rico material de leitura e pesquisa, que visa apresentar de forma atual os pa\u00edses africanos, ainda t\u00e3o pouco conhecidos.\",\"publisher\":{\"@id\":\"https:\/\/atlasgeoculturalafricaatual.com\/#organization\"},\"potentialAction\":[{\"@type\":\"SearchAction\",\"target\":{\"@type\":\"EntryPoint\",\"urlTemplate\":\"https:\/\/atlasgeoculturalafricaatual.com\/?s={search_term_string}\"},\"query-input\":\"required name=search_term_string\"}],\"inLanguage\":\"pt-BR\"},{\"@type\":\"Organization\",\"@id\":\"https:\/\/atlasgeoculturalafricaatual.com\/#organization\",\"name\":\"atlasgeoculturalafricaatual.com\",\"url\":\"https:\/\/atlasgeoculturalafricaatual.com\/\",\"logo\":{\"@type\":\"ImageObject\",\"inLanguage\":\"pt-BR\",\"@id\":\"https:\/\/atlasgeoculturalafricaatual.com\/#\/schema\/logo\/image\/\",\"url\":\"http:\/\/atlasgeoculturalafricaatual.com\/wp-content\/uploads\/2023\/06\/LOGOEIROS_Prancheta-1-tipo-preto.png\",\"contentUrl\":\"http:\/\/atlasgeoculturalafricaatual.com\/wp-content\/uploads\/2023\/06\/LOGOEIROS_Prancheta-1-tipo-preto.png\",\"width\":1667,\"height\":730,\"caption\":\"atlasgeoculturalafricaatual.com\"},\"image\":{\"@id\":\"https:\/\/atlasgeoculturalafricaatual.com\/#\/schema\/logo\/image\/\"}}]}<\/script>\n<!-- \/ Yoast SEO plugin. -->","yoast_head_json":{"title":"Mostra Cultural Afrofuturista - atlasgeoculturalafricaatual.com","robots":{"index":"index","follow":"follow","max-snippet":"max-snippet:-1","max-image-preview":"max-image-preview:large","max-video-preview":"max-video-preview:-1"},"canonical":"https:\/\/atlasgeoculturalafricaatual.com\/index.php\/mostra-cultural-afrofuturista\/","og_locale":"pt_BR","og_type":"article","og_title":"Mostra Cultural Afrofuturista - atlasgeoculturalafricaatual.com","og_description":"Mostra Cultural Afrofuturista A exposi\u00e7\u00e3o da Mostra Cultural Afrofuturista conta com obras art\u00edsticas oriundas de v\u00e1rios pa\u00edses em \u00c1frica, e, tamb\u00e9m se apercebe articulada com componentes da arte brasileira.\u00a0 Not\u00edcias [&hellip;]","og_url":"https:\/\/atlasgeoculturalafricaatual.com\/index.php\/mostra-cultural-afrofuturista\/","og_site_name":"atlasgeoculturalafricaatual.com","article_modified_time":"2023-09-30T09:17:13+00:00","og_image":[{"url":"http:\/\/atlasgeoculturalafricaatual.com\/wp-content\/uploads\/2023\/08\/image10-Copia.jpg"}],"twitter_card":"summary_large_image","twitter_misc":{"Est. tempo de leitura":"9 minutos"},"schema":{"@context":"https:\/\/schema.org","@graph":[{"@type":"WebPage","@id":"https:\/\/atlasgeoculturalafricaatual.com\/index.php\/mostra-cultural-afrofuturista\/","url":"https:\/\/atlasgeoculturalafricaatual.com\/index.php\/mostra-cultural-afrofuturista\/","name":"Mostra Cultural Afrofuturista - atlasgeoculturalafricaatual.com","isPartOf":{"@id":"https:\/\/atlasgeoculturalafricaatual.com\/#website"},"datePublished":"2023-06-24T12:15:24+00:00","dateModified":"2023-09-30T09:17:13+00:00","breadcrumb":{"@id":"https:\/\/atlasgeoculturalafricaatual.com\/index.php\/mostra-cultural-afrofuturista\/#breadcrumb"},"inLanguage":"pt-BR","potentialAction":[{"@type":"ReadAction","target":["https:\/\/atlasgeoculturalafricaatual.com\/index.php\/mostra-cultural-afrofuturista\/"]}]},{"@type":"BreadcrumbList","@id":"https:\/\/atlasgeoculturalafricaatual.com\/index.php\/mostra-cultural-afrofuturista\/#breadcrumb","itemListElement":[{"@type":"ListItem","position":1,"name":"In\u00edcio","item":"https:\/\/atlasgeoculturalafricaatual.com\/"},{"@type":"ListItem","position":2,"name":"Mostra Cultural Afrofuturista"}]},{"@type":"WebSite","@id":"https:\/\/atlasgeoculturalafricaatual.com\/#website","url":"https:\/\/atlasgeoculturalafricaatual.com\/","name":"atlasgeoculturalafricaatual.com","description":"O Atlas Geocultural da \u00c1frica \u00e9 um rico material de leitura e pesquisa, que visa apresentar de forma atual os pa\u00edses africanos, ainda t\u00e3o pouco conhecidos.","publisher":{"@id":"https:\/\/atlasgeoculturalafricaatual.com\/#organization"},"potentialAction":[{"@type":"SearchAction","target":{"@type":"EntryPoint","urlTemplate":"https:\/\/atlasgeoculturalafricaatual.com\/?s={search_term_string}"},"query-input":"required name=search_term_string"}],"inLanguage":"pt-BR"},{"@type":"Organization","@id":"https:\/\/atlasgeoculturalafricaatual.com\/#organization","name":"atlasgeoculturalafricaatual.com","url":"https:\/\/atlasgeoculturalafricaatual.com\/","logo":{"@type":"ImageObject","inLanguage":"pt-BR","@id":"https:\/\/atlasgeoculturalafricaatual.com\/#\/schema\/logo\/image\/","url":"http:\/\/atlasgeoculturalafricaatual.com\/wp-content\/uploads\/2023\/06\/LOGOEIROS_Prancheta-1-tipo-preto.png","contentUrl":"http:\/\/atlasgeoculturalafricaatual.com\/wp-content\/uploads\/2023\/06\/LOGOEIROS_Prancheta-1-tipo-preto.png","width":1667,"height":730,"caption":"atlasgeoculturalafricaatual.com"},"image":{"@id":"https:\/\/atlasgeoculturalafricaatual.com\/#\/schema\/logo\/image\/"}}]}},"_links":{"self":[{"href":"https:\/\/atlasgeoculturalafricaatual.com\/index.php\/wp-json\/wp\/v2\/pages\/240","targetHints":{"allow":["GET"]}}],"collection":[{"href":"https:\/\/atlasgeoculturalafricaatual.com\/index.php\/wp-json\/wp\/v2\/pages"}],"about":[{"href":"https:\/\/atlasgeoculturalafricaatual.com\/index.php\/wp-json\/wp\/v2\/types\/page"}],"author":[{"embeddable":true,"href":"https:\/\/atlasgeoculturalafricaatual.com\/index.php\/wp-json\/wp\/v2\/users\/2"}],"replies":[{"embeddable":true,"href":"https:\/\/atlasgeoculturalafricaatual.com\/index.php\/wp-json\/wp\/v2\/comments?post=240"}],"version-history":[{"count":109,"href":"https:\/\/atlasgeoculturalafricaatual.com\/index.php\/wp-json\/wp\/v2\/pages\/240\/revisions"}],"predecessor-version":[{"id":9117,"href":"https:\/\/atlasgeoculturalafricaatual.com\/index.php\/wp-json\/wp\/v2\/pages\/240\/revisions\/9117"}],"wp:attachment":[{"href":"https:\/\/atlasgeoculturalafricaatual.com\/index.php\/wp-json\/wp\/v2\/media?parent=240"}],"wp:term":[{"taxonomy":"palavra-chave","embeddable":true,"href":"https:\/\/atlasgeoculturalafricaatual.com\/index.php\/wp-json\/wp\/v2\/palavra-chave?post=240"}],"curies":[{"name":"wp","href":"https:\/\/api.w.org\/{rel}","templated":true}]}}